{"id":133,"date":"2022-10-26T13:43:23","date_gmt":"2022-10-26T13:43:23","guid":{"rendered":"http:\/\/mgv-limburgerhof.de\/?page_id=133"},"modified":"2025-08-23T18:16:31","modified_gmt":"2025-08-23T18:16:31","slug":"start","status":"publish","type":"page","link":"https:\/\/mgv-limburgerhof.de\/start\/","title":{"rendered":"Website"},"content":{"rendered":"\t\t<div data-elementor-type=\"wp-page\" data-elementor-id=\"133\" class=\"elementor elementor-133\">\n\t\t\t\t\t\t<section class=\"elementor-section elementor-top-section elementor-element elementor-element-f4f70f0 elementor-section-boxed elementor-section-height-default elementor-section-height-default\" data-id=\"f4f70f0\" data-element_type=\"section\" data-e-type=\"section\">\n\t\t\t\t\t\t<div class=\"elementor-container elementor-column-gap-default\">\n\t\t\t\t\t<div class=\"elementor-column elementor-col-100 elementor-top-column elementor-element elementor-element-1317e4b\" data-id=\"1317e4b\" data-element_type=\"column\" data-e-type=\"column\">\n\t\t\t<div class=\"elementor-widget-wrap elementor-element-populated\">\n\t\t\t\t\t\t<div class=\"elementor-element elementor-element-b8f99be elementor-widget elementor-widget-image\" data-id=\"b8f99be\" data-element_type=\"widget\" data-e-type=\"widget\" data-widget_type=\"image.default\">\n\t\t\t\t<div class=\"elementor-widget-container\">\n\t\t\t\t\t\t\t\t\t\t\t\t\t\t\t<img fetchpriority=\"high\" decoding=\"async\" width=\"1024\" height=\"603\" src=\"https:\/\/mgv-limburgerhof.de\/wp-content\/uploads\/2022\/10\/WhatsApp-Image-2022-10-24-at-14.55.42-1-1024x603.jpeg\" class=\"attachment-large size-large wp-image-190\" alt=\"\" srcset=\"https:\/\/mgv-limburgerhof.de\/wp-content\/uploads\/2022\/10\/WhatsApp-Image-2022-10-24-at-14.55.42-1-1024x603.jpeg 1024w, https:\/\/mgv-limburgerhof.de\/wp-content\/uploads\/2022\/10\/WhatsApp-Image-2022-10-24-at-14.55.42-1-300x177.jpeg 300w, https:\/\/mgv-limburgerhof.de\/wp-content\/uploads\/2022\/10\/WhatsApp-Image-2022-10-24-at-14.55.42-1-768x453.jpeg 768w, https:\/\/mgv-limburgerhof.de\/wp-content\/uploads\/2022\/10\/WhatsApp-Image-2022-10-24-at-14.55.42-1-1536x905.jpeg 1536w, https:\/\/mgv-limburgerhof.de\/wp-content\/uploads\/2022\/10\/WhatsApp-Image-2022-10-24-at-14.55.42-1.jpeg 1541w\" sizes=\"(max-width: 1024px) 100vw, 1024px\" \/>\t\t\t\t\t\t\t\t\t\t\t\t\t\t\t<\/div>\n\t\t\t\t<\/div>\n\t\t\t\t\t<\/div>\n\t\t<\/div>\n\t\t\t\t\t<\/div>\n\t\t<\/section>\n\t\t\t\t<section class=\"elementor-section elementor-top-section elementor-element elementor-element-ee3d5dd elementor-section-boxed elementor-section-height-default elementor-section-height-default\" data-id=\"ee3d5dd\" data-element_type=\"section\" data-e-type=\"section\">\n\t\t\t\t\t\t<div class=\"elementor-container elementor-column-gap-default\">\n\t\t\t\t\t<div class=\"elementor-column elementor-col-100 elementor-top-column elementor-element elementor-element-43c7eb3\" data-id=\"43c7eb3\" data-element_type=\"column\" data-e-type=\"column\">\n\t\t\t<div class=\"elementor-widget-wrap elementor-element-populated\">\n\t\t\t\t\t\t<div class=\"elementor-element elementor-element-091d0ac elementor-widget elementor-widget-heading\" data-id=\"091d0ac\" data-element_type=\"widget\" data-e-type=\"widget\" data-widget_type=\"heading.default\">\n\t\t\t\t<div class=\"elementor-widget-container\">\n\t\t\t\t\t<h2 class=\"elementor-heading-title elementor-size-default\">News<\/h2>\t\t\t\t<\/div>\n\t\t\t\t<\/div>\n\t\t\t\t<div class=\"elementor-element elementor-element-7c19732 elementor-widget elementor-widget-menu-anchor\" data-id=\"7c19732\" data-element_type=\"widget\" data-e-type=\"widget\" data-widget_type=\"menu-anchor.default\">\n\t\t\t\t<div class=\"elementor-widget-container\">\n\t\t\t\t\t\t\t<div class=\"elementor-menu-anchor\" id=\"NEWS\"><\/div>\n\t\t\t\t\t\t<\/div>\n\t\t\t\t<\/div>\n\t\t\t\t\t<\/div>\n\t\t<\/div>\n\t\t\t\t\t<\/div>\n\t\t<\/section>\n\t\t\t\t<section class=\"elementor-section elementor-top-section elementor-element elementor-element-9c608ef elementor-section-boxed elementor-section-height-default elementor-section-height-default\" data-id=\"9c608ef\" data-element_type=\"section\" data-e-type=\"section\">\n\t\t\t\t\t\t<div class=\"elementor-container elementor-column-gap-default\">\n\t\t\t\t\t<div class=\"elementor-column elementor-col-100 elementor-top-column elementor-element elementor-element-a6202ac\" data-id=\"a6202ac\" data-element_type=\"column\" data-e-type=\"column\">\n\t\t\t<div class=\"elementor-widget-wrap elementor-element-populated\">\n\t\t\t\t\t\t<div class=\"elementor-element elementor-element-77f8e1c elementor-widget elementor-widget-shortcode\" data-id=\"77f8e1c\" data-element_type=\"widget\" data-e-type=\"widget\" data-widget_type=\"shortcode.default\">\n\t\t\t\t<div class=\"elementor-widget-container\">\n\t\t\t\t\t\t\t<div class=\"elementor-shortcode\"><div  class=\"rpwe-block\"><ul class=\"rpwe-ul\"><li class=\"rpwe-li rpwe-clearfix\"><a class=\"rpwe-img\" href=\"https:\/\/mgv-limburgerhof.de\/start\/save-the-date-30-31-05-2026-spargelfest\/\" rel=\"bookmark\"><img decoding=\"async\" class=\"rpwe-alignleft rpwe-thumb rpwe-default-thumb\" src=\"https:\/\/via.placeholder.com\/45x45\/f0f0f0\/ccc\" alt=\"Save the date &#8211; 30. &#8211; 31.05.2026 Spargelfest\" width=\"45\" height=\"45\"><\/a><h3 class=\"rpwe-title\"><a href=\"https:\/\/mgv-limburgerhof.de\/start\/save-the-date-30-31-05-2026-spargelfest\/\" target=\"_self\">Save the date &#8211; 30. &#8211; 31.05.2026 Spargelfest<\/a><\/h3><time class=\"rpwe-time published\" datetime=\"2026-04-02T12:26:55+00:00\">2. April 2026<\/time><div class=\"rpwe-summary\">Auch in diesem Jahr veranstaltet der Gesangverein wieder das Spargelfest. &hellip;<\/div><\/li><li class=\"rpwe-li rpwe-clearfix\"><a class=\"rpwe-img\" href=\"https:\/\/mgv-limburgerhof.de\/start\/save-the-date-11-10-2025-konzert-thank-you-for-the-music-im-kultursaal-limburgerhof\/\" target=\"_self\"><img loading=\"lazy\" class=\"rpwe-alignleft rpwe-thumb\" src=\"https:\/\/mgv-limburgerhof.de\/wp-content\/uploads\/2025\/09\/IMG-20251011-WA0012-45x45.jpg\" alt=\"11.10.2025 &#8211; Konzert &#8220;Thank you for the music&#8221; im Kultursaal Limburgerhof\" height=\"45\" width=\"45\" loading=\"lazy\" decoding=\"async\"><\/a><h3 class=\"rpwe-title\"><a href=\"https:\/\/mgv-limburgerhof.de\/start\/save-the-date-11-10-2025-konzert-thank-you-for-the-music-im-kultursaal-limburgerhof\/\" target=\"_self\">11.10.2025 &#8211; Konzert &#8220;Thank you for the music&#8221; im Kultursaal Limburgerhof<\/a><\/h3><time class=\"rpwe-time published\" datetime=\"2025-09-18T18:23:15+00:00\">18. September 2025<\/time><div class=\"rpwe-summary\">Mit stehenden Ovationen wurden die No Limits nach ihrem Konzert &hellip;<\/div><\/li><li class=\"rpwe-li rpwe-clearfix\"><a class=\"rpwe-img\" href=\"https:\/\/mgv-limburgerhof.de\/start\/save-the-date-04-07-2025-lauer-sommerabend\/\" target=\"_self\"><img loading=\"lazy\" class=\"rpwe-alignleft rpwe-thumb\" src=\"https:\/\/mgv-limburgerhof.de\/wp-content\/uploads\/2025\/06\/Sommerabend-e1751200261158-45x45.jpg\" alt=\"04.07.2025 &#8211; lauer Sommerabend\" height=\"45\" width=\"45\" loading=\"lazy\" decoding=\"async\"><\/a><h3 class=\"rpwe-title\"><a href=\"https:\/\/mgv-limburgerhof.de\/start\/save-the-date-04-07-2025-lauer-sommerabend\/\" target=\"_self\">04.07.2025 &#8211; lauer Sommerabend<\/a><\/h3><time class=\"rpwe-time published\" datetime=\"2025-06-29T12:32:08+00:00\">29. Juni 2025<\/time><div class=\"rpwe-summary\">Inzwischen ist der \u201eLaue Sommerabend\u201c des Gesangvereins eine Tradition geworden. &hellip;<\/div><\/li><li class=\"rpwe-li rpwe-clearfix\"><a class=\"rpwe-img\" href=\"https:\/\/mgv-limburgerhof.de\/start\/24-25-05-2025-spargelfest\/\" rel=\"bookmark\"><img decoding=\"async\" class=\"rpwe-alignleft rpwe-thumb rpwe-default-thumb\" src=\"https:\/\/via.placeholder.com\/45x45\/f0f0f0\/ccc\" alt=\"24. &#8211; 25.05.2025 &#8211; Spargelfest\" width=\"45\" height=\"45\"><\/a><h3 class=\"rpwe-title\"><a href=\"https:\/\/mgv-limburgerhof.de\/start\/24-25-05-2025-spargelfest\/\" target=\"_self\">24. &#8211; 25.05.2025 &#8211; Spargelfest<\/a><\/h3><time class=\"rpwe-time published\" datetime=\"2025-05-25T12:23:00+00:00\">25. Mai 2025<\/time><div class=\"rpwe-summary\">Das j\u00e4hrliche Spargelfest des MGV wurde auch dieses Jahr wieder &hellip;<\/div><\/li><li class=\"rpwe-li rpwe-clearfix\"><a class=\"rpwe-img\" href=\"https:\/\/mgv-limburgerhof.de\/start\/22-03-2025-liedernacht-in-schifferstadt\/\" rel=\"bookmark\"><img loading=\"lazy\" decoding=\"async\" class=\"rpwe-alignleft rpwe-thumb rpwe-default-thumb\" src=\"https:\/\/via.placeholder.com\/45x45\/f0f0f0\/ccc\" alt=\"22.03.2025 &#8211; Liedernacht in Schifferstadt\" width=\"45\" height=\"45\"><\/a><h3 class=\"rpwe-title\"><a href=\"https:\/\/mgv-limburgerhof.de\/start\/22-03-2025-liedernacht-in-schifferstadt\/\" target=\"_self\">22.03.2025 &#8211; Liedernacht in Schifferstadt<\/a><\/h3><time class=\"rpwe-time published\" datetime=\"2025-03-22T12:22:00+00:00\">22. M\u00e4rz 2025<\/time><div class=\"rpwe-summary\">Nach vielen Jahren konnten die No Limits am 22. M\u00e4rz &hellip;<\/div><\/li><\/ul><\/div><!-- Generated by http:\/\/wordpress.org\/plugins\/recent-posts-widget-extended\/ --><\/div>\n\t\t\t\t\t\t<\/div>\n\t\t\t\t<\/div>\n\t\t\t\t\t<\/div>\n\t\t<\/div>\n\t\t\t\t\t<\/div>\n\t\t<\/section>\n\t\t\t\t<section class=\"elementor-section elementor-top-section elementor-element elementor-element-a2b2fce elementor-section-boxed elementor-section-height-default elementor-section-height-default\" data-id=\"a2b2fce\" data-element_type=\"section\" data-e-type=\"section\">\n\t\t\t\t\t\t<div class=\"elementor-container elementor-column-gap-default\">\n\t\t\t\t\t<div class=\"elementor-column elementor-col-100 elementor-top-column elementor-element elementor-element-eec72bc\" data-id=\"eec72bc\" data-element_type=\"column\" data-e-type=\"column\">\n\t\t\t<div class=\"elementor-widget-wrap elementor-element-populated\">\n\t\t\t\t\t\t<div class=\"elementor-element elementor-element-3288150 elementor-align-center elementor-widget elementor-widget-button\" data-id=\"3288150\" data-element_type=\"widget\" data-e-type=\"widget\" data-widget_type=\"button.default\">\n\t\t\t\t<div class=\"elementor-widget-container\">\n\t\t\t\t\t\t\t\t\t<div class=\"elementor-button-wrapper\">\n\t\t\t\t\t<a class=\"elementor-button elementor-button-link elementor-size-sm\" href=\"\/archiv\">\n\t\t\t\t\t\t<span class=\"elementor-button-content-wrapper\">\n\t\t\t\t\t\t\t\t\t<span class=\"elementor-button-text\">\u00e4ltere Beitr\u00e4ge anzeigen<\/span>\n\t\t\t\t\t<\/span>\n\t\t\t\t\t<\/a>\n\t\t\t\t<\/div>\n\t\t\t\t\t\t\t\t<\/div>\n\t\t\t\t<\/div>\n\t\t\t\t\t<\/div>\n\t\t<\/div>\n\t\t\t\t\t<\/div>\n\t\t<\/section>\n\t\t\t\t<section class=\"elementor-section elementor-top-section elementor-element elementor-element-5b139bb elementor-section-boxed elementor-section-height-default elementor-section-height-default\" data-id=\"5b139bb\" data-element_type=\"section\" data-e-type=\"section\">\n\t\t\t\t\t\t<div class=\"elementor-container elementor-column-gap-default\">\n\t\t\t\t\t<div class=\"elementor-column elementor-col-100 elementor-top-column elementor-element elementor-element-9b08a7e\" data-id=\"9b08a7e\" data-element_type=\"column\" data-e-type=\"column\">\n\t\t\t<div class=\"elementor-widget-wrap elementor-element-populated\">\n\t\t\t\t\t\t<div class=\"elementor-element elementor-element-99c8c87 elementor-widget elementor-widget-heading\" data-id=\"99c8c87\" data-element_type=\"widget\" data-e-type=\"widget\" data-widget_type=\"heading.default\">\n\t\t\t\t<div class=\"elementor-widget-container\">\n\t\t\t\t\t<h2 class=\"elementor-heading-title elementor-size-default\">Termine<\/h2>\t\t\t\t<\/div>\n\t\t\t\t<\/div>\n\t\t\t\t\t<\/div>\n\t\t<\/div>\n\t\t\t\t\t<\/div>\n\t\t<\/section>\n\t\t\t\t<section class=\"elementor-section elementor-top-section elementor-element elementor-element-b2684be elementor-section-boxed elementor-section-height-default elementor-section-height-default\" data-id=\"b2684be\" data-element_type=\"section\" data-e-type=\"section\">\n\t\t\t\t\t\t<div class=\"elementor-container elementor-column-gap-default\">\n\t\t\t\t\t<div class=\"elementor-column elementor-col-100 elementor-top-column elementor-element elementor-element-1bff9ad\" data-id=\"1bff9ad\" data-element_type=\"column\" data-e-type=\"column\">\n\t\t\t<div class=\"elementor-widget-wrap elementor-element-populated\">\n\t\t\t\t\t\t\t<\/div>\n\t\t<\/div>\n\t\t\t\t\t<\/div>\n\t\t<\/section>\n\t\t\t\t<section class=\"elementor-section elementor-top-section elementor-element elementor-element-eedfeb7 elementor-section-boxed elementor-section-height-default elementor-section-height-default\" data-id=\"eedfeb7\" data-element_type=\"section\" data-e-type=\"section\">\n\t\t\t\t\t\t<div class=\"elementor-container elementor-column-gap-default\">\n\t\t\t\t\t<div class=\"elementor-column elementor-col-100 elementor-top-column elementor-element elementor-element-2a5d1a3\" data-id=\"2a5d1a3\" data-element_type=\"column\" data-e-type=\"column\">\n\t\t\t<div class=\"elementor-widget-wrap elementor-element-populated\">\n\t\t\t\t\t\t<div class=\"elementor-element elementor-element-c21a324 elementor-widget elementor-widget-text-editor\" data-id=\"c21a324\" data-element_type=\"widget\" data-e-type=\"widget\" data-widget_type=\"text-editor.default\">\n\t\t\t\t<div class=\"elementor-widget-container\">\n\t\t\t\t\t\t\t\t\t<p><script src=\"https:\/\/apps.elfsight.com\/p\/platform.js\" defer><\/script><\/p><div class=\"elfsight-app-d2788cb3-97c4-40c0-96d5-b578990030b0\">\u00a0<\/div>\t\t\t\t\t\t\t\t<\/div>\n\t\t\t\t<\/div>\n\t\t\t\t\t<\/div>\n\t\t<\/div>\n\t\t\t\t\t<\/div>\n\t\t<\/section>\n\t\t\t\t<section class=\"elementor-section elementor-top-section elementor-element elementor-element-453146f elementor-section-boxed elementor-section-height-default elementor-section-height-default\" data-id=\"453146f\" data-element_type=\"section\" data-e-type=\"section\">\n\t\t\t\t\t\t<div class=\"elementor-container elementor-column-gap-default\">\n\t\t\t\t\t<div class=\"elementor-column elementor-col-100 elementor-top-column elementor-element elementor-element-51d7c46\" data-id=\"51d7c46\" data-element_type=\"column\" data-e-type=\"column\">\n\t\t\t<div class=\"elementor-widget-wrap elementor-element-populated\">\n\t\t\t\t\t\t<div class=\"elementor-element elementor-element-8cf70a1 elementor-widget elementor-widget-heading\" data-id=\"8cf70a1\" data-element_type=\"widget\" data-e-type=\"widget\" data-widget_type=\"heading.default\">\n\t\t\t\t<div class=\"elementor-widget-container\">\n\t\t\t\t\t<h2 class=\"elementor-heading-title elementor-size-default\">\u00dcber uns<\/h2>\t\t\t\t<\/div>\n\t\t\t\t<\/div>\n\t\t\t\t\t<\/div>\n\t\t<\/div>\n\t\t\t\t\t<\/div>\n\t\t<\/section>\n\t\t\t\t<section class=\"elementor-section elementor-top-section elementor-element elementor-element-da41d9f elementor-section-boxed elementor-section-height-default elementor-section-height-default\" data-id=\"da41d9f\" data-element_type=\"section\" data-e-type=\"section\">\n\t\t\t\t\t\t<div class=\"elementor-container elementor-column-gap-default\">\n\t\t\t\t\t<div class=\"elementor-column elementor-col-100 elementor-top-column elementor-element elementor-element-bb4094a\" data-id=\"bb4094a\" data-element_type=\"column\" data-e-type=\"column\">\n\t\t\t<div class=\"elementor-widget-wrap elementor-element-populated\">\n\t\t\t\t\t\t<div class=\"elementor-element elementor-element-40d2c1a elementor-widget elementor-widget-menu-anchor\" data-id=\"40d2c1a\" data-element_type=\"widget\" data-e-type=\"widget\" data-widget_type=\"menu-anchor.default\">\n\t\t\t\t<div class=\"elementor-widget-container\">\n\t\t\t\t\t\t\t<div class=\"elementor-menu-anchor\" id=\"ABOUT\"><\/div>\n\t\t\t\t\t\t<\/div>\n\t\t\t\t<\/div>\n\t\t\t\t<div class=\"elementor-element elementor-element-da40f65 elementor-widget elementor-widget-heading\" data-id=\"da40f65\" data-element_type=\"widget\" data-e-type=\"widget\" data-widget_type=\"heading.default\">\n\t\t\t\t<div class=\"elementor-widget-container\">\n\t\t\t\t\t<h2 class=\"elementor-heading-title elementor-size-default\"><i>No Limits<\/i><\/h2>\t\t\t\t<\/div>\n\t\t\t\t<\/div>\n\t\t\t\t\t<\/div>\n\t\t<\/div>\n\t\t\t\t\t<\/div>\n\t\t<\/section>\n\t\t\t\t<section class=\"elementor-section elementor-top-section elementor-element elementor-element-db85a78 elementor-section-boxed elementor-section-height-default elementor-section-height-default\" data-id=\"db85a78\" data-element_type=\"section\" data-e-type=\"section\">\n\t\t\t\t\t\t<div class=\"elementor-container elementor-column-gap-default\">\n\t\t\t\t\t<div class=\"elementor-column elementor-col-50 elementor-top-column elementor-element elementor-element-b57d496\" data-id=\"b57d496\" data-element_type=\"column\" data-e-type=\"column\">\n\t\t\t<div class=\"elementor-widget-wrap elementor-element-populated\">\n\t\t\t\t\t\t<div class=\"elementor-element elementor-element-a0d9a0c elementor-widget elementor-widget-image\" data-id=\"a0d9a0c\" data-element_type=\"widget\" data-e-type=\"widget\" data-widget_type=\"image.default\">\n\t\t\t\t<div class=\"elementor-widget-container\">\n\t\t\t\t\t\t\t\t\t\t\t\t<figure class=\"wp-caption\">\n\t\t\t\t\t\t\t\t\t\t<img loading=\"lazy\" decoding=\"async\" width=\"1024\" height=\"683\" src=\"https:\/\/mgv-limburgerhof.de\/wp-content\/uploads\/2022\/10\/IMG_0025-1024x683.jpg\" class=\"attachment-large size-large wp-image-108\" alt=\"\" srcset=\"https:\/\/mgv-limburgerhof.de\/wp-content\/uploads\/2022\/10\/IMG_0025-1024x683.jpg 1024w, https:\/\/mgv-limburgerhof.de\/wp-content\/uploads\/2022\/10\/IMG_0025-300x200.jpg 300w, https:\/\/mgv-limburgerhof.de\/wp-content\/uploads\/2022\/10\/IMG_0025-768x512.jpg 768w, https:\/\/mgv-limburgerhof.de\/wp-content\/uploads\/2022\/10\/IMG_0025-1536x1024.jpg 1536w, https:\/\/mgv-limburgerhof.de\/wp-content\/uploads\/2022\/10\/IMG_0025-2048x1365.jpg 2048w\" sizes=\"(max-width: 1024px) 100vw, 1024px\" \/>\t\t\t\t\t\t\t\t\t\t\t<figcaption class=\"widget-image-caption wp-caption-text\">Die No Limits beim Probenwochenende im M\u00e4rz 2022 in Thallichtenberg<\/figcaption>\n\t\t\t\t\t\t\t\t\t\t<\/figure>\n\t\t\t\t\t\t\t\t\t<\/div>\n\t\t\t\t<\/div>\n\t\t\t\t<div class=\"elementor-element elementor-element-b0830cd elementor-widget elementor-widget-image\" data-id=\"b0830cd\" data-element_type=\"widget\" data-e-type=\"widget\" data-widget_type=\"image.default\">\n\t\t\t\t<div class=\"elementor-widget-container\">\n\t\t\t\t\t\t\t\t\t\t\t\t<figure class=\"wp-caption\">\n\t\t\t\t\t\t\t\t\t\t<img loading=\"lazy\" decoding=\"async\" width=\"150\" height=\"150\" src=\"https:\/\/mgv-limburgerhof.de\/wp-content\/uploads\/2022\/10\/1666028348716-e1667036515441-150x150.jpg\" class=\"attachment-thumbnail size-thumbnail wp-image-239\" alt=\"\" \/>\t\t\t\t\t\t\t\t\t\t\t<figcaption class=\"widget-image-caption wp-caption-text\">Chorleiterin Kristina Franz<\/figcaption>\n\t\t\t\t\t\t\t\t\t\t<\/figure>\n\t\t\t\t\t\t\t\t\t<\/div>\n\t\t\t\t<\/div>\n\t\t\t\t\t<\/div>\n\t\t<\/div>\n\t\t\t\t<div class=\"elementor-column elementor-col-50 elementor-top-column elementor-element elementor-element-7390178\" data-id=\"7390178\" data-element_type=\"column\" data-e-type=\"column\">\n\t\t\t<div class=\"elementor-widget-wrap elementor-element-populated\">\n\t\t\t\t\t\t<div class=\"elementor-element elementor-element-3c2a1e7 elementor-widget elementor-widget-text-editor\" data-id=\"3c2a1e7\" data-element_type=\"widget\" data-e-type=\"widget\" data-widget_type=\"text-editor.default\">\n\t\t\t\t<div class=\"elementor-widget-container\">\n\t\t\t\t\t\t\t\t\t<p>Der gemischte Chor des MGV wurde im Jahr 1997 gegr\u00fcndet und ist momentan der einzige aktive Chor in der Vereinsgeschichte. Mit einer vierstimmigen Besetzung bringen wir vielf\u00e4ltige musikalische Kl\u00e4nge zum Leben.<\/p><p>Unser Repertoire ist \u00e4u\u00dferst abwechslungsreich und umfasst eine bunte Mischung aus deutschen, englischen und manchmal sogar spanischen, franz\u00f6sischen oder schwedischen Songs. Dabei spannen wir den Bogen zwischen modernen und \u00e4lteren St\u00fccken, bedienen Genres wie Musical, Gospel und Pop.<\/p><p>Die musikalische Leitung liegt in den H\u00e4nden von Kristina Franz, einer talentierten und erfahrenen Chorleiterin. Unter ihrer Anleitung entwickeln wir unseren harmonischen Klang und erweitern kontinuierlich unsere F\u00e4higkeiten.<\/p><p>Unsere Proben finden regelm\u00e4\u00dfig immer montags abends statt, von 20:00 Uhr bis 21:30 Uhr. Als idyllischer Treffpunkt dient uns das Schl\u00f6sschen im Park in Limburgerhof, das eine inspirierende Atmosph\u00e4re bietet. Hier kommen wir als Chormitglieder zusammen, um unsere Stimmen zu vereinen und an unserer musikalischen Performance zu arbeiten.<\/p><p>Der gemischte Chor des MGV ist stolz darauf, Teil einer langen Tradition zu sein und die Freude am Singen mit einem breiten Publikum zu teilen. Wir freuen uns \u00fcber neue Mitglieder, die unsere Leidenschaft f\u00fcr die Musik teilen und gemeinsam mit uns die B\u00fchnen der Welt erobern m\u00f6chten. Wenn du also Spa\u00df am Singen hast und gerne Teil eines engagierten Chors sein m\u00f6chtest, laden wir dich herzlich ein, an einer unserer Proben teilzunehmen und dich von unserer harmonischen Gemeinschaft begeistern zu lassen.<\/p>\t\t\t\t\t\t\t\t<\/div>\n\t\t\t\t<\/div>\n\t\t\t\t\t<\/div>\n\t\t<\/div>\n\t\t\t\t\t<\/div>\n\t\t<\/section>\n\t\t\t\t<section class=\"elementor-section elementor-top-section elementor-element elementor-element-11b5794 elementor-section-boxed elementor-section-height-default elementor-section-height-default\" data-id=\"11b5794\" data-element_type=\"section\" data-e-type=\"section\">\n\t\t\t\t\t\t<div class=\"elementor-container elementor-column-gap-default\">\n\t\t\t\t\t<div class=\"elementor-column elementor-col-100 elementor-top-column elementor-element elementor-element-af20352\" data-id=\"af20352\" data-element_type=\"column\" data-e-type=\"column\">\n\t\t\t<div class=\"elementor-widget-wrap elementor-element-populated\">\n\t\t\t\t\t\t<div class=\"elementor-element elementor-element-7888965 elementor-widget elementor-widget-heading\" data-id=\"7888965\" data-element_type=\"widget\" data-e-type=\"widget\" data-widget_type=\"heading.default\">\n\t\t\t\t<div class=\"elementor-widget-container\">\n\t\t\t\t\t<h2 class=\"elementor-heading-title elementor-size-default\"><i>M\u00e4nnerchor<\/i><\/h2>\t\t\t\t<\/div>\n\t\t\t\t<\/div>\n\t\t\t\t\t<\/div>\n\t\t<\/div>\n\t\t\t\t\t<\/div>\n\t\t<\/section>\n\t\t\t\t<section class=\"elementor-section elementor-top-section elementor-element elementor-element-9c41c0a elementor-section-boxed elementor-section-height-default elementor-section-height-default\" data-id=\"9c41c0a\" data-element_type=\"section\" data-e-type=\"section\">\n\t\t\t\t\t\t<div class=\"elementor-container elementor-column-gap-default\">\n\t\t\t\t\t<div class=\"elementor-column elementor-col-66 elementor-top-column elementor-element elementor-element-d74e975\" data-id=\"d74e975\" data-element_type=\"column\" data-e-type=\"column\">\n\t\t\t<div class=\"elementor-widget-wrap elementor-element-populated\">\n\t\t\t\t\t\t<div class=\"elementor-element elementor-element-8f3cb5b elementor-widget elementor-widget-text-editor\" data-id=\"8f3cb5b\" data-element_type=\"widget\" data-e-type=\"widget\" data-widget_type=\"text-editor.default\">\n\t\t\t\t<div class=\"elementor-widget-container\">\n\t\t\t\t\t\t\t\t\t<div class=\"flex flex-grow flex-col gap-3\"><div class=\"min-h-[20px] flex flex-col items-start gap-4 whitespace-pre-wrap break-words\"><div class=\"markdown prose w-full break-words dark:prose-invert light\"><p>Im Jahr 1903 wurde der M\u00e4nnerchor mit gro\u00dfer Begeisterung und dem Ziel, harmonische Kl\u00e4nge zu schaffen, gegr\u00fcndet. \u00dcber die Jahre hinweg brachten wir mit unserer Musik Freude und Unterhaltung in die Herzen vieler Menschen. Doch im Jahr 2012, bedauerlicherweise, sahen wir uns gezwungen, den M\u00e4nnerchor aufgrund eines starken R\u00fcckgangs an Mitgliedern aufzul\u00f6sen.<\/p><p>Es war ein trauriger Moment f\u00fcr uns alle, denn der M\u00e4nnerchor hatte eine lange Geschichte und war zu einem wichtigen Teil unseres kulturellen Erbes geworden. Doch wir wollten die Musik nicht sterben lassen. Anl\u00e4sslich des 110-j\u00e4hrigen Jubil\u00e4ums im Jahr 2013 entstand die Idee eines M\u00e4nner-Projektchors.<\/p><p>Wir luden alle ehemaligen Mitglieder des M\u00e4nnerchors sowie weitere interessierte M\u00e4nner ein, sich diesem Projektchor anzuschlie\u00dfen. Es war eine wunderbare Gelegenheit, alte Bekanntschaften zu erneuern und neue Freundschaften zu schlie\u00dfen. Zusammen brachten wir unsere Stimmen zum Klingen und belebten die Tradition des M\u00e4nnergesangs. Dank des Projektchores durften sich die &#8220;No Limits&#8221; 2013 \u00fcber einige m\u00e4nnliche Neumitglieder freuen, die bis heute als engagierte S\u00e4nger ein wertvoller Teil des gemischten Chores sind. <\/p><p>Das Jubil\u00e4umsprojekt und die Aufnahme der &#8220;\u00fcbrigen&#8221; M\u00e4nner bei den No Limits waren ein wunderbarer Neuanfang f\u00fcr uns alle. Es zeigt, dass die Musik die Macht hat, Menschen zusammenzubringen und neue Wege zu finden, um ihren Zauber weiterzugeben. Auch wenn wir den M\u00e4nnerchor vermissen m\u00f6gen, sind wir gl\u00fccklich, dass die M\u00e4nnergesangstradition in unseren neuen musikalischen Gemeinschaften weiterlebt.<\/p><\/div><\/div><\/div>\t\t\t\t\t\t\t\t<\/div>\n\t\t\t\t<\/div>\n\t\t\t\t\t<\/div>\n\t\t<\/div>\n\t\t\t\t<div class=\"elementor-column elementor-col-33 elementor-top-column elementor-element elementor-element-63fb5be\" data-id=\"63fb5be\" data-element_type=\"column\" data-e-type=\"column\">\n\t\t\t<div class=\"elementor-widget-wrap elementor-element-populated\">\n\t\t\t\t\t\t<div class=\"elementor-element elementor-element-0173e65 elementor-widget elementor-widget-image\" data-id=\"0173e65\" data-element_type=\"widget\" data-e-type=\"widget\" data-widget_type=\"image.default\">\n\t\t\t\t<div class=\"elementor-widget-container\">\n\t\t\t\t\t\t\t\t\t\t\t\t<figure class=\"wp-caption\">\n\t\t\t\t\t\t\t\t\t\t<img loading=\"lazy\" decoding=\"async\" width=\"450\" height=\"270\" src=\"https:\/\/mgv-limburgerhof.de\/wp-content\/uploads\/2022\/10\/maenner_0602.jpg\" class=\"attachment-large size-large wp-image-112\" alt=\"\" srcset=\"https:\/\/mgv-limburgerhof.de\/wp-content\/uploads\/2022\/10\/maenner_0602.jpg 450w, https:\/\/mgv-limburgerhof.de\/wp-content\/uploads\/2022\/10\/maenner_0602-300x180.jpg 300w\" sizes=\"(max-width: 450px) 100vw, 450px\" \/>\t\t\t\t\t\t\t\t\t\t\t<figcaption class=\"widget-image-caption wp-caption-text\">M\u00e4nnerchor im Juni 2002<\/figcaption>\n\t\t\t\t\t\t\t\t\t\t<\/figure>\n\t\t\t\t\t\t\t\t\t<\/div>\n\t\t\t\t<\/div>\n\t\t\t\t\t<\/div>\n\t\t<\/div>\n\t\t\t\t\t<\/div>\n\t\t<\/section>\n\t\t\t\t<section class=\"elementor-section elementor-top-section elementor-element elementor-element-6c76a96 elementor-section-boxed elementor-section-height-default elementor-section-height-default\" data-id=\"6c76a96\" data-element_type=\"section\" data-e-type=\"section\">\n\t\t\t\t\t\t<div class=\"elementor-container elementor-column-gap-default\">\n\t\t\t\t\t<div class=\"elementor-column elementor-col-100 elementor-top-column elementor-element elementor-element-cd32474\" data-id=\"cd32474\" data-element_type=\"column\" data-e-type=\"column\">\n\t\t\t<div class=\"elementor-widget-wrap elementor-element-populated\">\n\t\t\t\t\t\t<div class=\"elementor-element elementor-element-4fad3ab elementor-widget elementor-widget-heading\" data-id=\"4fad3ab\" data-element_type=\"widget\" data-e-type=\"widget\" data-widget_type=\"heading.default\">\n\t\t\t\t<div class=\"elementor-widget-container\">\n\t\t\t\t\t<h2 class=\"elementor-heading-title elementor-size-default\"><i>Kinderchor \"KiChoLi\"<\/i><\/h2>\t\t\t\t<\/div>\n\t\t\t\t<\/div>\n\t\t\t\t\t<\/div>\n\t\t<\/div>\n\t\t\t\t\t<\/div>\n\t\t<\/section>\n\t\t\t\t<section class=\"elementor-section elementor-top-section elementor-element elementor-element-15a66f5 elementor-section-boxed elementor-section-height-default elementor-section-height-default\" data-id=\"15a66f5\" data-element_type=\"section\" data-e-type=\"section\">\n\t\t\t\t\t\t<div class=\"elementor-container elementor-column-gap-default\">\n\t\t\t\t\t<div class=\"elementor-column elementor-col-33 elementor-top-column elementor-element elementor-element-ae84ed7\" data-id=\"ae84ed7\" data-element_type=\"column\" data-e-type=\"column\">\n\t\t\t<div class=\"elementor-widget-wrap elementor-element-populated\">\n\t\t\t\t\t\t<div class=\"elementor-element elementor-element-2f21463 elementor-widget elementor-widget-image\" data-id=\"2f21463\" data-element_type=\"widget\" data-e-type=\"widget\" data-widget_type=\"image.default\">\n\t\t\t\t<div class=\"elementor-widget-container\">\n\t\t\t\t\t\t\t\t\t\t\t\t<figure class=\"wp-caption\">\n\t\t\t\t\t\t\t\t\t\t<img loading=\"lazy\" decoding=\"async\" width=\"450\" height=\"347\" src=\"https:\/\/mgv-limburgerhof.de\/wp-content\/uploads\/2022\/10\/kicholi_0602.jpg\" class=\"attachment-large size-large wp-image-110\" alt=\"\" srcset=\"https:\/\/mgv-limburgerhof.de\/wp-content\/uploads\/2022\/10\/kicholi_0602.jpg 450w, https:\/\/mgv-limburgerhof.de\/wp-content\/uploads\/2022\/10\/kicholi_0602-300x231.jpg 300w\" sizes=\"(max-width: 450px) 100vw, 450px\" \/>\t\t\t\t\t\t\t\t\t\t\t<figcaption class=\"widget-image-caption wp-caption-text\">KiChoLi im Juni 2002<\/figcaption>\n\t\t\t\t\t\t\t\t\t\t<\/figure>\n\t\t\t\t\t\t\t\t\t<\/div>\n\t\t\t\t<\/div>\n\t\t\t\t<div class=\"elementor-element elementor-element-26fb924 elementor-widget elementor-widget-image\" data-id=\"26fb924\" data-element_type=\"widget\" data-e-type=\"widget\" data-widget_type=\"image.default\">\n\t\t\t\t<div class=\"elementor-widget-container\">\n\t\t\t\t\t\t\t\t\t\t\t\t<figure class=\"wp-caption\">\n\t\t\t\t\t\t\t\t\t\t<img loading=\"lazy\" decoding=\"async\" width=\"450\" height=\"248\" src=\"https:\/\/mgv-limburgerhof.de\/wp-content\/uploads\/2022\/10\/Ritter_Rost_P1050004.jpg\" class=\"attachment-large size-large wp-image-111\" alt=\"\" srcset=\"https:\/\/mgv-limburgerhof.de\/wp-content\/uploads\/2022\/10\/Ritter_Rost_P1050004.jpg 450w, https:\/\/mgv-limburgerhof.de\/wp-content\/uploads\/2022\/10\/Ritter_Rost_P1050004-300x165.jpg 300w\" sizes=\"(max-width: 450px) 100vw, 450px\" \/>\t\t\t\t\t\t\t\t\t\t\t<figcaption class=\"widget-image-caption wp-caption-text\">Auff\u00fchrung des Musicals \"Ritter Rost geht zur Schule\" im Juni 2008 <\/figcaption>\n\t\t\t\t\t\t\t\t\t\t<\/figure>\n\t\t\t\t\t\t\t\t\t<\/div>\n\t\t\t\t<\/div>\n\t\t\t\t\t<\/div>\n\t\t<\/div>\n\t\t\t\t<div class=\"elementor-column elementor-col-66 elementor-top-column elementor-element elementor-element-0c6dcd2\" data-id=\"0c6dcd2\" data-element_type=\"column\" data-e-type=\"column\">\n\t\t\t<div class=\"elementor-widget-wrap elementor-element-populated\">\n\t\t\t\t\t\t<div class=\"elementor-element elementor-element-c50ebf1 elementor-widget elementor-widget-text-editor\" data-id=\"c50ebf1\" data-element_type=\"widget\" data-e-type=\"widget\" data-widget_type=\"text-editor.default\">\n\t\t\t\t<div class=\"elementor-widget-container\">\n\t\t\t\t\t\t\t\t\t<p>Im Jahr 2001 wurde der Kinderchor &#8220;KiChoLi&#8221; mit viel Begeisterung und dem Wunsch nach musikalischer Entfaltung gegr\u00fcndet. Junge Stimmen vereinten sich zu einem harmonischen Klang, der Herzen ber\u00fchrte und Zuh\u00f6rer begeisterte.<\/p><p>In den folgenden Jahren erlangte der Kinderchor &#8220;KiChoLi&#8221; immer mehr Bekanntheit und Erfolg. Im Jahr 2006 pr\u00e4sentierten wir stolz das Musical &#8220;Ritter Rost macht Urlaub&#8221;. Es war eine aufregende Zeit voller Proben, Kost\u00fcmproben und intensiver Vorbereitungen. Die Auff\u00fchrungen waren ein gro\u00dfer Erfolg und st\u00e4rkten unseren Zusammenhalt als Chor.<\/p><p>Unser n\u00e4chstes musikalisches Projekt lie\u00df nicht lange auf sich warten. Im Jahr 2008 brachten wir das Musical &#8220;Ritter Rost geht zur Schule&#8221; auf die B\u00fchne. Mit viel Energie und Leidenschaft sangen und spielten wir die Geschichten des tapferen Ritters und seiner Freunde. Die Zuschauer waren begeistert von unserer Darbietung und unser Engagement wurde belohnt.<\/p><p>Leider stellten wir kurz darauf fest, dass viele unserer &#8220;Gro\u00dfen&#8221; im Chor dem Jugendalter entgegenwuchsen und sich neuen Herausforderungen stellen wollten. Es war ein schmerzlicher Moment, als\u00a0 der KiChoLi aufgrund des Nachwuchsmangels 2010 aufgel\u00f6st werden musste.<\/p>\t\t\t\t\t\t\t\t<\/div>\n\t\t\t\t<\/div>\n\t\t\t\t\t<\/div>\n\t\t<\/div>\n\t\t\t\t\t<\/div>\n\t\t<\/section>\n\t\t\t\t<section class=\"elementor-section elementor-top-section elementor-element elementor-element-3c12e1e elementor-section-boxed elementor-section-height-default elementor-section-height-default\" data-id=\"3c12e1e\" data-element_type=\"section\" data-e-type=\"section\">\n\t\t\t\t\t\t<div class=\"elementor-container elementor-column-gap-default\">\n\t\t\t\t\t<div class=\"elementor-column elementor-col-100 elementor-top-column elementor-element elementor-element-47ccbc8\" data-id=\"47ccbc8\" data-element_type=\"column\" data-e-type=\"column\">\n\t\t\t<div class=\"elementor-widget-wrap elementor-element-populated\">\n\t\t\t\t\t\t<div class=\"elementor-element elementor-element-07aa7ef elementor-widget elementor-widget-heading\" data-id=\"07aa7ef\" data-element_type=\"widget\" data-e-type=\"widget\" data-widget_type=\"heading.default\">\n\t\t\t\t<div class=\"elementor-widget-container\">\n\t\t\t\t\t<h2 class=\"elementor-heading-title elementor-size-default\"><i>Vorstandschaft<\/i><\/h2>\t\t\t\t<\/div>\n\t\t\t\t<\/div>\n\t\t\t\t\t<\/div>\n\t\t<\/div>\n\t\t\t\t\t<\/div>\n\t\t<\/section>\n\t\t\t\t<section class=\"elementor-section elementor-top-section elementor-element elementor-element-bdb8b5d elementor-section-boxed elementor-section-height-default elementor-section-height-default\" data-id=\"bdb8b5d\" data-element_type=\"section\" data-e-type=\"section\">\n\t\t\t\t\t\t<div class=\"elementor-container elementor-column-gap-default\">\n\t\t\t\t\t<div class=\"elementor-column elementor-col-50 elementor-top-column elementor-element elementor-element-e5c28da\" data-id=\"e5c28da\" data-element_type=\"column\" data-e-type=\"column\">\n\t\t\t<div class=\"elementor-widget-wrap elementor-element-populated\">\n\t\t\t\t\t\t<div class=\"elementor-element elementor-element-6d17304 elementor-widget__width-initial elementor-widget elementor-widget-image\" data-id=\"6d17304\" data-element_type=\"widget\" data-e-type=\"widget\" data-widget_type=\"image.default\">\n\t\t\t\t<div class=\"elementor-widget-container\">\n\t\t\t\t\t\t\t\t\t\t\t\t\t\t\t\t<a href=\"http:\/\/mgv-limburgerhof.de\/wp-content\/uploads\/2025\/06\/20250404_210703.jpg\" data-elementor-open-lightbox=\"yes\" data-elementor-lightbox-title=\"v.l.n.r.: 2. Vorsitzende Karola Kirschner, 1. Kassier Leonie Ro\u00dfmann, 1. Vorsitzende Anke Ehwald\" data-e-action-hash=\"#elementor-action%3Aaction%3Dlightbox%26settings%3DeyJpZCI6NTk0LCJ1cmwiOiJodHRwczpcL1wvbWd2LWxpbWJ1cmdlcmhvZi5kZVwvd3AtY29udGVudFwvdXBsb2Fkc1wvMjAyNVwvMDZcLzIwMjUwNDA0XzIxMDcwMy5qcGcifQ%3D%3D\">\n\t\t\t\t\t\t\t<img loading=\"lazy\" decoding=\"async\" width=\"1024\" height=\"768\" src=\"https:\/\/mgv-limburgerhof.de\/wp-content\/uploads\/2025\/06\/20250404_210703.jpg\" class=\"attachment-large size-large wp-image-594\" alt=\"\" \/>\t\t\t\t\t\t\t\t<\/a>\n\t\t\t\t\t\t\t\t\t\t\t\t\t\t\t<\/div>\n\t\t\t\t<\/div>\n\t\t\t\t\t<\/div>\n\t\t<\/div>\n\t\t\t\t<div class=\"elementor-column elementor-col-50 elementor-top-column elementor-element elementor-element-a787010\" data-id=\"a787010\" data-element_type=\"column\" data-e-type=\"column\">\n\t\t\t<div class=\"elementor-widget-wrap elementor-element-populated\">\n\t\t\t\t\t\t<div class=\"elementor-element elementor-element-408c63c elementor-widget elementor-widget-text-editor\" data-id=\"408c63c\" data-element_type=\"widget\" data-e-type=\"widget\" data-widget_type=\"text-editor.default\">\n\t\t\t\t<div class=\"elementor-widget-container\">\n\t\t\t\t\t\t\t\t\t<p>1.Vorsitzende: Anke Ehwald<\/p><p>2.Vorsitzende: Karola Alt<\/p><p>1.Kassiererin: Leonie Ro\u00dfmann<\/p>\t\t\t\t\t\t\t\t<\/div>\n\t\t\t\t<\/div>\n\t\t\t\t\t<\/div>\n\t\t<\/div>\n\t\t\t\t\t<\/div>\n\t\t<\/section>\n\t\t\t\t<section class=\"elementor-section elementor-top-section elementor-element elementor-element-674ca49 elementor-section-full_width elementor-reverse-mobile elementor-section-content-middle elementor-section-height-default elementor-section-height-default\" data-id=\"674ca49\" data-element_type=\"section\" data-e-type=\"section\">\n\t\t\t\t\t\t<div class=\"elementor-container elementor-column-gap-no\">\n\t\t\t\t\t<div class=\"elementor-column elementor-col-100 elementor-top-column elementor-element elementor-element-18a7145\" data-id=\"18a7145\" data-element_type=\"column\" data-e-type=\"column\">\n\t\t\t<div class=\"elementor-widget-wrap elementor-element-populated\">\n\t\t\t\t\t\t<div class=\"elementor-element elementor-element-122c34c elementor-widget elementor-widget-menu-anchor\" data-id=\"122c34c\" data-element_type=\"widget\" data-e-type=\"widget\" data-widget_type=\"menu-anchor.default\">\n\t\t\t\t<div class=\"elementor-widget-container\">\n\t\t\t\t\t\t\t<div class=\"elementor-menu-anchor\" id=\"KONTAKT\"><\/div>\n\t\t\t\t\t\t<\/div>\n\t\t\t\t<\/div>\n\t\t\t\t<div class=\"elementor-element elementor-element-fc7922c elementor-widget elementor-widget-heading\" data-id=\"fc7922c\" data-element_type=\"widget\" data-e-type=\"widget\" data-widget_type=\"heading.default\">\n\t\t\t\t<div class=\"elementor-widget-container\">\n\t\t\t\t\t<h2 class=\"elementor-heading-title elementor-size-default\">Fragen, Anregungen, W\u00fcnsche?<\/h2>\t\t\t\t<\/div>\n\t\t\t\t<\/div>\n\t\t\t\t<div class=\"elementor-element elementor-element-c304d6a elementor-widget elementor-widget-icon-box\" data-id=\"c304d6a\" data-element_type=\"widget\" data-e-type=\"widget\" data-widget_type=\"icon-box.default\">\n\t\t\t\t<div class=\"elementor-widget-container\">\n\t\t\t\t\t\t\t<div class=\"elementor-icon-box-wrapper\">\n\n\t\t\t\n\t\t\t\t\t\t<div class=\"elementor-icon-box-content\">\n\n\t\t\t\t\n\t\t\t\t\t\t\t\t\t<p class=\"elementor-icon-box-description\">\n\t\t\t\t\t\tDann schreib uns, wir w\u00fcrden uns freuen, von dir zu h\u00f6ren!\n\nEmail: info@mgv-limburgerhof.de\t\t\t\t\t<\/p>\n\t\t\t\t\n\t\t\t<\/div>\n\t\t\t\n\t\t<\/div>\n\t\t\t\t\t\t<\/div>\n\t\t\t\t<\/div>\n\t\t\t\t\t<\/div>\n\t\t<\/div>\n\t\t\t\t\t<\/div>\n\t\t<\/section>\n\t\t\t\t<section class=\"elementor-section elementor-top-section elementor-element elementor-element-1228cd6 elementor-section-full_width elementor-reverse-mobile elementor-section-content-middle elementor-section-height-default elementor-section-height-default\" data-id=\"1228cd6\" data-element_type=\"section\" data-e-type=\"section\">\n\t\t\t\t\t\t<div class=\"elementor-container elementor-column-gap-no\">\n\t\t\t\t\t<div class=\"elementor-column elementor-col-50 elementor-top-column elementor-element elementor-element-47eda1b\" data-id=\"47eda1b\" data-element_type=\"column\" data-e-type=\"column\">\n\t\t\t<div class=\"elementor-widget-wrap elementor-element-populated\">\n\t\t\t\t\t\t<div class=\"elementor-element elementor-element-f212e57 elementor-widget elementor-widget-heading\" data-id=\"f212e57\" data-element_type=\"widget\" data-e-type=\"widget\" data-widget_type=\"heading.default\">\n\t\t\t\t<div class=\"elementor-widget-container\">\n\t\t\t\t\t<h2 class=\"elementor-heading-title elementor-size-default\">oder komm einfach mal in einer Probe vorbei!<\/h2>\t\t\t\t<\/div>\n\t\t\t\t<\/div>\n\t\t\t\t<div class=\"elementor-element elementor-element-c6f8317 elementor-widget elementor-widget-icon-box\" data-id=\"c6f8317\" data-element_type=\"widget\" data-e-type=\"widget\" data-widget_type=\"icon-box.default\">\n\t\t\t\t<div class=\"elementor-widget-container\">\n\t\t\t\t\t\t\t<div class=\"elementor-icon-box-wrapper\">\n\n\t\t\t\n\t\t\t\t\t\t<div class=\"elementor-icon-box-content\">\n\n\t\t\t\t\t\t\t\t\t<h4 class=\"elementor-icon-box-title\">\n\t\t\t\t\t\t<span  >\n\t\t\t\t\t\t\tChorprobe:\t\t\t\t\t\t<\/span>\n\t\t\t\t\t<\/h4>\n\t\t\t\t\n\t\t\t\t\t\t\t\t\t<p class=\"elementor-icon-box-description\">\n\t\t\t\t\t\tSchl\u00f6sschen im Park <br> Parkstra\u00dfe 14, 67117 Limburgerhof\n<br>immer Montags von 20 Uhr bis 21:30 Uhr\t\t\t\t\t<\/p>\n\t\t\t\t\n\t\t\t<\/div>\n\t\t\t\n\t\t<\/div>\n\t\t\t\t\t\t<\/div>\n\t\t\t\t<\/div>\n\t\t\t\t\t<\/div>\n\t\t<\/div>\n\t\t\t\t<div class=\"elementor-column elementor-col-50 elementor-top-column elementor-element elementor-element-9379401\" data-id=\"9379401\" data-element_type=\"column\" data-e-type=\"column\" data-settings=\"{&quot;background_background&quot;:&quot;classic&quot;}\">\n\t\t\t<div class=\"elementor-widget-wrap elementor-element-populated\">\n\t\t\t\t\t\t<div class=\"elementor-element elementor-element-0665658 elementor-widget elementor-widget-google_maps\" data-id=\"0665658\" data-element_type=\"widget\" data-e-type=\"widget\" data-widget_type=\"google_maps.default\">\n\t\t\t\t<div class=\"elementor-widget-container\">\n\t\t\t\t\t\t\t<div class=\"elementor-custom-embed\">\n\t\t\t<iframe loading=\"lazy\"\n\t\t\t\t\tsrc=\"https:\/\/maps.google.com\/maps?q=Parkstra%C3%9Fe%2014%2C%2067117%20Limburgerhof&#038;t=m&#038;z=15&#038;output=embed&#038;iwloc=near\"\n\t\t\t\t\ttitle=\"Parkstra\u00dfe 14, 67117 Limburgerhof\"\n\t\t\t\t\taria-label=\"Parkstra\u00dfe 14, 67117 Limburgerhof\"\n\t\t\t><\/iframe>\n\t\t<\/div>\n\t\t\t\t\t\t<\/div>\n\t\t\t\t<\/div>\n\t\t\t\t\t<\/div>\n\t\t<\/div>\n\t\t\t\t\t<\/div>\n\t\t<\/section>\n\t\t\t\t<section class=\"elementor-section elementor-top-section elementor-element elementor-element-33f15ac elementor-section-boxed elementor-section-height-default elementor-section-height-default\" data-id=\"33f15ac\" data-element_type=\"section\" data-e-type=\"section\">\n\t\t\t\t\t\t<div class=\"elementor-container elementor-column-gap-default\">\n\t\t\t\t\t<div class=\"elementor-column elementor-col-100 elementor-top-column elementor-element elementor-element-59a61d7\" data-id=\"59a61d7\" data-element_type=\"column\" data-e-type=\"column\">\n\t\t\t<div class=\"elementor-widget-wrap elementor-element-populated\">\n\t\t\t\t\t\t<div class=\"elementor-element elementor-element-568536d elementor-shape-rounded elementor-grid-0 e-grid-align-center elementor-widget elementor-widget-social-icons\" data-id=\"568536d\" data-element_type=\"widget\" data-e-type=\"widget\" data-widget_type=\"social-icons.default\">\n\t\t\t\t<div class=\"elementor-widget-container\">\n\t\t\t\t\t\t\t<div class=\"elementor-social-icons-wrapper elementor-grid\">\n\t\t\t\t\t\t\t<span class=\"elementor-grid-item\">\n\t\t\t\t\t<a class=\"elementor-icon elementor-social-icon elementor-social-icon-facebook elementor-repeater-item-9177c56\" href=\"https:\/\/www.facebook.com\/NoLimits.Limburgerhof\" target=\"_blank\">\n\t\t\t\t\t\t<span class=\"elementor-screen-only\">Facebook<\/span>\n\t\t\t\t\t\t<i aria-hidden=\"true\" class=\"fab fa-facebook\"><\/i>\t\t\t\t\t<\/a>\n\t\t\t\t<\/span>\n\t\t\t\t\t<\/div>\n\t\t\t\t\t\t<\/div>\n\t\t\t\t<\/div>\n\t\t\t\t\t<\/div>\n\t\t<\/div>\n\t\t\t\t\t<\/div>\n\t\t<\/section>\n\t\t\t\t<\/div>\n\t\t","protected":false},"excerpt":{"rendered":"<p>News \u00e4ltere Beitr\u00e4ge anzeigen Termine \u00a0 \u00dcber uns No Limits Die No Limits beim Probenwochenende im M\u00e4rz 2022 in Thallichtenberg Chorleiterin Kristina Franz Der gemischte Chor des MGV wurde im &#8230; <a title=\"22.03.2025 &#8211; Liedernacht in Schifferstadt\" class=\"read-more\" href=\"https:\/\/mgv-limburgerhof.de\/start\/22-03-2025-liedernacht-in-schifferstadt\/\" aria-label=\"Mehr Informationen \u00fcber 22.03.2025 &#8211; Liedernacht in Schifferstadt\">Weiterlesen<\/a><\/p>\n","protected":false},"author":1,"featured_media":0,"parent":0,"menu_order":0,"comment_status":"closed","ping_status":"closed","template":"","meta":{"footnotes":""},"class_list":["post-133","page","type-page","status-publish","hentry"],"_links":{"self":[{"href":"https:\/\/mgv-limburgerhof.de\/start\/wp-json\/wp\/v2\/pages\/133","targetHints":{"allow":["GET"]}}],"collection":[{"href":"https:\/\/mgv-limburgerhof.de\/start\/wp-json\/wp\/v2\/pages"}],"about":[{"href":"https:\/\/mgv-limburgerhof.de\/start\/wp-json\/wp\/v2\/types\/page"}],"author":[{"embeddable":true,"href":"https:\/\/mgv-limburgerhof.de\/start\/wp-json\/wp\/v2\/users\/1"}],"replies":[{"embeddable":true,"href":"https:\/\/mgv-limburgerhof.de\/start\/wp-json\/wp\/v2\/comments?post=133"}],"version-history":[{"count":177,"href":"https:\/\/mgv-limburgerhof.de\/start\/wp-json\/wp\/v2\/pages\/133\/revisions"}],"predecessor-version":[{"id":603,"href":"https:\/\/mgv-limburgerhof.de\/start\/wp-json\/wp\/v2\/pages\/133\/revisions\/603"}],"wp:attachment":[{"href":"https:\/\/mgv-limburgerhof.de\/start\/wp-json\/wp\/v2\/media?parent=133"}],"curies":[{"name":"wp","href":"https:\/\/api.w.org\/{rel}","templated":true}]}}